{"id":297,"date":"2026-01-29T17:10:35","date_gmt":"2026-01-29T17:10:35","guid":{"rendered":"https:\/\/giardinocapracotta-staging.justmodigitallab.it\/?page_id=297"},"modified":"2026-03-27T12:04:13","modified_gmt":"2026-03-27T12:04:13","slug":"educazione-e-ricerca","status":"publish","type":"page","link":"https:\/\/giardinocapracotta.unimol.it\/en\/educazione-e-ricerca\/","title":{"rendered":"Education and research"},"content":{"rendered":"<div data-elementor-type=\"wp-page\" data-elementor-id=\"297\" class=\"elementor elementor-297\">\n\t\t\t\t<div class=\"elementor-element elementor-element-65021f8 e-con-full e-flex wpr-particle-no wpr-jarallax-no wpr-parallax-no wpr-sticky-section-no wpr-equal-height-no e-con e-parent\" data-id=\"65021f8\" data-element_type=\"container\" data-e-type=\"container\" data-settings=\"{&quot;background_background&quot;:&quot;classic&quot;}\">\n\t\t<div class=\"elementor-element elementor-element-dc7e15b e-con-full e-flex wpr-particle-no wpr-jarallax-no wpr-parallax-no wpr-sticky-section-no wpr-equal-height-no e-con e-child\" data-id=\"dc7e15b\" data-element_type=\"container\" data-e-type=\"container\">\n\t\t<div class=\"elementor-element elementor-element-20dd877 e-con-full e-flex wpr-particle-no wpr-jarallax-no wpr-parallax-no wpr-sticky-section-no wpr-equal-height-no e-con e-child\" data-id=\"20dd877\" data-element_type=\"container\" data-e-type=\"container\">\n\t\t\t\t<div class=\"elementor-element elementor-element-7031ddb wpr-main-menu-align-right wpr-pointer-none elementor-widget__width-initial wpr-main-menu-align--mobileright wpr-nav-menu-bp-tablet wpr-main-menu-align--tabletleft wpr-sub-icon-caret-down wpr-sub-menu-fx-fade wpr-mobile-menu-full-width wpr-mobile-menu-item-align-center wpr-mobile-toggle-v1 wpr-sub-divider-yes wpr-mobile-divider-yes elementor-widget elementor-widget-wpr-nav-menu\" data-id=\"7031ddb\" data-element_type=\"widget\" data-e-type=\"widget\" data-settings=\"{&quot;menu_layout&quot;:&quot;horizontal&quot;}\" data-widget_type=\"wpr-nav-menu.default\">\n\t\t\t\t\t<nav class=\"wpr-nav-menu-container wpr-nav-menu-horizontal\" data-trigger=\"hover\" data-consider-header=\"\" data-scroll-speed=\"500\"><ul id=\"menu-1-7031ddb\" class=\"wpr-nav-menu\"><li class=\"menu-item menu-item-type-post_type menu-item-object-page menu-item-283\"><a href=\"https:\/\/giardinocapracotta.unimol.it\/en\/chi-siamo\/\" class=\"wpr-menu-item wpr-pointer-item\">About Us<\/a><\/li>\n<li class=\"menu-item menu-item-type-post_type menu-item-object-page menu-item-889\"><a href=\"https:\/\/giardinocapracotta.unimol.it\/en\/collezioni-botaniche\/\" class=\"wpr-menu-item wpr-pointer-item\">Museum collections<\/a><\/li>\n<li class=\"menu-item menu-item-type-post_type menu-item-object-page menu-item-317\"><a href=\"https:\/\/giardinocapracotta.unimol.it\/en\/educazione-e-ricerca\/\" class=\"wpr-menu-item wpr-pointer-item\">Education and research<\/a><\/li>\n<li class=\"menu-item menu-item-type-post_type menu-item-object-page menu-item-1153\"><a href=\"https:\/\/giardinocapracotta.unimol.it\/en\/eventi\/\" class=\"wpr-menu-item wpr-pointer-item\">Events<\/a><\/li>\n<li class=\"menu-item menu-item-type-post_type menu-item-object-page menu-item-316\"><a href=\"https:\/\/giardinocapracotta.unimol.it\/en\/galleria\/\" class=\"wpr-menu-item wpr-pointer-item\">Gallery<\/a><\/li>\n<li class=\"menu-item menu-item-type-post_type menu-item-object-page menu-item-1157\"><a href=\"https:\/\/giardinocapracotta.unimol.it\/en\/notizie\/\" class=\"wpr-menu-item wpr-pointer-item\">News<\/a><\/li>\n<\/ul><\/nav><nav class=\"wpr-mobile-nav-menu-container\"><div class=\"wpr-mobile-toggle-wrap\"><div class=\"wpr-mobile-toggle\"><span class=\"wpr-mobile-toggle-line\"><\/span><span class=\"wpr-mobile-toggle-line\"><\/span><span class=\"wpr-mobile-toggle-line\"><\/span><\/div><\/div><ul id=\"mobile-menu-2-7031ddb\" class=\"wpr-mobile-nav-menu\"><li class=\"menu-item menu-item-type-post_type menu-item-object-page menu-item-283\"><a href=\"https:\/\/giardinocapracotta.unimol.it\/en\/chi-siamo\/\" class=\"wpr-mobile-menu-item\">About Us<\/a><\/li>\n<li class=\"menu-item menu-item-type-post_type menu-item-object-page menu-item-889\"><a href=\"https:\/\/giardinocapracotta.unimol.it\/en\/collezioni-botaniche\/\" class=\"wpr-mobile-menu-item\">Museum collections<\/a><\/li>\n<li class=\"menu-item menu-item-type-post_type menu-item-object-page menu-item-317\"><a href=\"https:\/\/giardinocapracotta.unimol.it\/en\/educazione-e-ricerca\/\" class=\"wpr-mobile-menu-item\">Education and research<\/a><\/li>\n<li class=\"menu-item menu-item-type-post_type menu-item-object-page menu-item-1153\"><a href=\"https:\/\/giardinocapracotta.unimol.it\/en\/eventi\/\" class=\"wpr-mobile-menu-item\">Events<\/a><\/li>\n<li class=\"menu-item menu-item-type-post_type menu-item-object-page menu-item-316\"><a href=\"https:\/\/giardinocapracotta.unimol.it\/en\/galleria\/\" class=\"wpr-mobile-menu-item\">Gallery<\/a><\/li>\n<li class=\"menu-item menu-item-type-post_type menu-item-object-page menu-item-1157\"><a href=\"https:\/\/giardinocapracotta.unimol.it\/en\/notizie\/\" class=\"wpr-mobile-menu-item\">News<\/a><\/li>\n<\/ul><\/nav>\t\t\t\t<\/div>\n\t\t\t\t<div class=\"elementor-element elementor-element-7942f7e elementor-widget elementor-widget-heading\" data-id=\"7942f7e\" data-element_type=\"widget\" data-e-type=\"widget\" data-widget_type=\"heading.default\">\n\t\t\t\t\t<h2 class=\"elementor-heading-title elementor-size-default\">Education and research<\/h2>\t\t\t\t<\/div>\n\t\t\t\t<\/div>\n\t\t\t\t<\/div>\n\t\t\t\t<\/div>\n\t\t<div class=\"elementor-element elementor-element-d81b2b3 e-flex e-con-boxed wpr-particle-no wpr-jarallax-no wpr-parallax-no wpr-sticky-section-no wpr-equal-height-no e-con e-parent\" data-id=\"d81b2b3\" data-element_type=\"container\" data-e-type=\"container\">\n\t\t\t\t\t<div class=\"e-con-inner\">\n\t\t\t\t<div class=\"elementor-element elementor-element-c3790b2 elementor-widget elementor-widget-text-editor\" data-id=\"c3790b2\" data-element_type=\"widget\" data-e-type=\"widget\" data-widget_type=\"text-editor.default\">\n\t\t\t\t\t\t\t\t\t<p>The Garden of Apennine Flora is a space dedicated to study, education and the sharing of knowledge, where scientific research, environmental education and active participation come together.<\/p>\t\t\t\t\t\t\t\t<\/div>\n\t\t\t\t\t<\/div>\n\t\t\t\t<\/div>\n\t\t<div class=\"elementor-element elementor-element-5401e4e e-flex e-con-boxed wpr-particle-no wpr-jarallax-no wpr-parallax-no wpr-sticky-section-no wpr-equal-height-no e-con e-parent\" data-id=\"5401e4e\" data-element_type=\"container\" data-e-type=\"container\">\n\t\t\t\t\t<div class=\"e-con-inner\">\n\t\t\t\t<div class=\"elementor-element elementor-element-5af21ef elementor-widget elementor-widget-heading\" data-id=\"5af21ef\" data-element_type=\"widget\" data-e-type=\"widget\" data-widget_type=\"heading.default\">\n\t\t\t\t\t<h2 class=\"elementor-heading-title elementor-size-default\">Research Projects<\/h2>\t\t\t\t<\/div>\n\t\t<div class=\"elementor-element elementor-element-f3b8ef9 e-con-full e-flex wpr-particle-no wpr-jarallax-no wpr-parallax-no wpr-sticky-section-no wpr-equal-height-no e-con e-child\" data-id=\"f3b8ef9\" data-element_type=\"container\" data-e-type=\"container\">\n\t\t\t\t<div class=\"elementor-element elementor-element-3fd72d2 elementor-widget__width-initial elementor-widget elementor-widget-image\" data-id=\"3fd72d2\" data-element_type=\"widget\" data-e-type=\"widget\" data-widget_type=\"image.default\">\n\t\t\t\t\t\t\t\t\t\t\t\t\t\t\t<img decoding=\"async\" src=\"https:\/\/giardinocapracotta.unimol.it\/wp-content\/uploads\/elementor\/thumbs\/Z7F_9486-rme3cfzxsus5ba75j4bixzgmumj5wvnx9b3kpmkcdc.jpg\" title=\"Z7F_9486\" alt=\"Z7F_9486\" loading=\"lazy\" \/>\t\t\t\t\t\t\t\t\t\t\t\t\t\t\t<\/div>\n\t\t\t\t<div class=\"elementor-element elementor-element-9e7d29a elementor-widget__width-initial elementor-widget elementor-widget-text-editor\" data-id=\"9e7d29a\" data-element_type=\"widget\" data-e-type=\"widget\" data-widget_type=\"text-editor.default\">\n\t\t\t\t\t\t\t\t\t<p><strong>2015<\/strong><\/p><p class=\"translation-block\"><strong>Initial actions for the enhancement and protection of wild flora in the mountainous areas of Molise<\/strong><br>Agreement with DiBT \u2013 University of Molise.<\/p><p class=\"translation-block\"><strong>Implementation of biomonitoring activities at LTER (Long Term Ecological Research) network sites in Abruzzo and Molise and dissemination of the results obtained<\/strong><br>Agreement with the \u201cD.E.M.E.T.R.A.\u201d Study Centre.<\/p><p><strong>2016<\/strong><\/p><p class=\"translation-block\"><strong>Research protocol on the characterisation of olive seedlings\u2019 response to water and salt stress conditions<\/strong><br>Agreement with the Biotechnology Center of Borj Cedria (Tunisia).<\/p><p><strong>2017 \u2013 2019<\/strong><\/p><p class=\"translation-block\"><strong>INTERREG Europe Project \u201cIMPACT\u201d<\/strong><br>Renewing management policies to promote productive activities within and around protected areas without compromising biodiversity conservation.<\/p><p><strong>2018 \u2013 2020<\/strong><\/p><p class=\"translation-block\"><strong>Promotion and Safeguarding of Agrobiodiversity in the Molise Region<\/strong><br>Activities aimed at promoting knowledge of biodiversity in support of Law No. 194 of 1 December 2015 (\u201cProvisions for the enhancement of biodiversity of agricultural and food interest\u201d).<\/p>\t\t\t\t\t\t\t\t<\/div>\n\t\t\t\t<\/div>\n\t\t<div class=\"elementor-element elementor-element-83b46cb e-con-full e-flex wpr-particle-no wpr-jarallax-no wpr-parallax-no wpr-sticky-section-no wpr-equal-height-no e-con e-child\" data-id=\"83b46cb\" data-element_type=\"container\" data-e-type=\"container\">\n\t\t\t\t<div class=\"elementor-element elementor-element-81ae737 elementor-widget__width-initial elementor-widget elementor-widget-text-editor\" data-id=\"81ae737\" data-element_type=\"widget\" data-e-type=\"widget\" data-widget_type=\"text-editor.default\">\n\t\t\t\t\t\t\t\t\t<p><strong>2019<\/strong><\/p><p class=\"translation-block\"><strong>Project \u201cTourism is Culture\u201d<\/strong><br>Funded by the Molise Region.<\/p><p><strong>2020<\/strong><\/p><p class=\"translation-block\"><strong>SNAI Project (National Strategy for Inner Areas)<\/strong><br>\u201cAlto Medio Sannio\u201d area.<\/p><p class=\"translation-block\"><strong>Consultancy for the maintenance of the Garden of Apennine Flora in Capracotta (La Guardata area)<\/strong><br>Silvicultural interventions including thinning, selective clearing of tree and shrub species, and trail maintenance.<br>ARSARP Molise \u2013 Funded under Law No. 194 of 1 December 2015.<\/p><p><strong>2021<\/strong><\/p><p class=\"translation-block\"><strong>Project \u201cBiomol\u201d<\/strong><br>ARSARP Molise \u2013 Funded under Law No. 194 of 1 December 2015.<\/p><p class=\"translation-block\"><strong>Floristic and vegetation scientific documentation of 19 Special Areas of Conservation (SACs) in the Campania Region<\/strong><br>Agreement with the University of Campania \u201cLuigi Vanvitelli\u201d \u2013 Department of Environmental, Biological and Pharmaceutical Sciences and Technologies.<br>Funded by the Campania Region.<\/p><p class=\"translation-block\"><strong>Assignment of Public Green Area Maintenance<\/strong><br>Municipality of Capracotta.<\/p><p class=\"translation-block\"><strong>Project \u201cThe Accessible Garden\u201d<\/strong><br>Funded under Measure 7 \u2013 \u201cBasic services and village renewal in rural areas\u201d<br>Sub-measure 7.5 \u2013 Support for investments in small-scale recreational and tourist infrastructure.<\/p>\t\t\t\t\t\t\t\t<\/div>\n\t\t\t\t<div class=\"elementor-element elementor-element-472553c elementor-widget__width-initial elementor-widget elementor-widget-image\" data-id=\"472553c\" data-element_type=\"widget\" data-e-type=\"widget\" data-widget_type=\"image.default\">\n\t\t\t\t\t\t\t\t\t\t\t\t\t\t\t<img decoding=\"async\" src=\"https:\/\/giardinocapracotta.unimol.it\/wp-content\/uploads\/elementor\/thumbs\/Z7F_9997-rme35rd979mqr3wok8b17o6mrzh76d4n0839ush4m8.jpg\" title=\"Z7F_9997\" alt=\"Z7F_9997\" loading=\"lazy\" \/>\t\t\t\t\t\t\t\t\t\t\t\t\t\t\t<\/div>\n\t\t\t\t<\/div>\n\t\t<div class=\"elementor-element elementor-element-81747e9 e-con-full e-flex wpr-particle-no wpr-jarallax-no wpr-parallax-no wpr-sticky-section-no wpr-equal-height-no e-con e-child\" data-id=\"81747e9\" data-element_type=\"container\" data-e-type=\"container\">\n\t\t\t\t<div class=\"elementor-element elementor-element-7617914 elementor-widget__width-initial elementor-widget elementor-widget-image\" data-id=\"7617914\" data-element_type=\"widget\" data-e-type=\"widget\" data-widget_type=\"image.default\">\n\t\t\t\t\t\t\t\t\t\t\t\t\t\t\t<img decoding=\"async\" src=\"https:\/\/giardinocapracotta.unimol.it\/wp-content\/uploads\/elementor\/thumbs\/Z7F_9653-rme3em0jk3qy2x1tvk1k6xrw5lumnr9n818vjlco0w.jpg\" title=\"Z7F_9653\" alt=\"Z7F_9653\" loading=\"lazy\" \/>\t\t\t\t\t\t\t\t\t\t\t\t\t\t\t<\/div>\n\t\t\t\t<div class=\"elementor-element elementor-element-87e13cd elementor-widget__width-initial elementor-widget elementor-widget-text-editor\" data-id=\"87e13cd\" data-element_type=\"widget\" data-e-type=\"widget\" data-widget_type=\"text-editor.default\">\n\t\t\t\t\t\t\t\t\t<p><strong>2022<\/strong><\/p><p class=\"translation-block\"><strong>Project \u201cBiomol\u201d<\/strong><br>ARSARP Molise \u2013 Funded under Law No. 194 of 1 December 2015.<\/p><p class=\"translation-block\"><strong>Assignment of Public Green Area Maintenance<\/strong><br>Municipality of Capracotta.<\/p><p><strong>2023<\/strong><\/p><p class=\"translation-block\"><strong>Project \u201cNature Without Barriers \u2013 Between Accessibility and Usability\u201d<\/strong><br>Funded by the Banco di Napoli Foundation.<\/p><p><strong><strong>Assignment \u201cHabitat Monitoring under Directive 92\/43\/EEC\u201d<\/strong><\/strong><\/p><p>R.D.M. progetti S.r.l.<\/p><p class=\"translation-block\"><strong>Assignment of Public Green Area Maintenance<\/strong><br>Municipality of Capracotta.<\/p><p><strong>2023 \u2013 2025<\/strong><\/p><p class=\"translation-block\"><strong>Botanical consultancy for the \u201cRURAL PACT\u201d project<\/strong><br>Joint actions for agro-climatic and environmental commitments, conservation of agricultural and natural biodiversity, landscape protection and qualitative improvement of the agro-ecosystem.<br>Funded by the Rural Development Programme (RDP) of the Molise Region 2014\u20132020.<\/p>\t\t\t\t\t\t\t\t<\/div>\n\t\t\t\t<\/div>\n\t\t<div class=\"elementor-element elementor-element-7393a9c e-con-full e-flex wpr-particle-no wpr-jarallax-no wpr-parallax-no wpr-sticky-section-no wpr-equal-height-no e-con e-child\" data-id=\"7393a9c\" data-element_type=\"container\" data-e-type=\"container\">\n\t\t\t\t<div class=\"elementor-element elementor-element-f87951c elementor-widget__width-initial elementor-widget elementor-widget-text-editor\" data-id=\"f87951c\" data-element_type=\"widget\" data-e-type=\"widget\" data-widget_type=\"text-editor.default\">\n\t\t\t\t\t\t\t\t\t<p><strong>2024<\/strong><\/p><p class=\"translation-block\"><strong>Project \u201cBiosensu\u201d<\/strong><br>ARSARP Molise \u2013 Funded under Law No. 194 of 1 December 2015.<\/p><p><strong>\u00a0<\/strong><\/p><p class=\"translation-block\"><strong>Assignment of Public Green Area Maintenance<\/strong><br>Municipality of Capracotta.<\/p><p><strong>2025<\/strong><\/p><p class=\"translation-block\"><strong>Assignment of Public Green Area Maintenance<\/strong><br>Municipality of Capracotta.<\/p><p class=\"translation-block\"><strong>Citizen Science project for the enhancement of biodiversity and the strengthening of social cohesion in mountain and inner areas, including the establishment of an Additive Manufacturing laboratory.<\/strong><br>Funded by the National Biodiversity Future Center (PNRR \u2013 Spoke 5), NextGenerationEU.<\/p><p><strong>2026<\/strong><\/p><p class=\"translation-block\"><strong>Consultancy for the NIRPA Project \u201cClean Up Mountain\u201d<\/strong><br>Ministry of Enterprises and Made in Italy. Co-funded by the European Union.<\/p><p><strong>Consultancy for the implementation of redevelopment, maintenance and enhancement interventions in green areas and natural spaces in central and southern Italy.<\/strong>.<\/p><p>Framework agreement with the Interregional Public Works Authority for Campania, Molise, Puglia and Basilicata.<\/p>\t\t\t\t\t\t\t\t<\/div>\n\t\t\t\t<div class=\"elementor-element elementor-element-6e96552 elementor-widget__width-initial elementor-widget elementor-widget-image\" data-id=\"6e96552\" data-element_type=\"widget\" data-e-type=\"widget\" data-widget_type=\"image.default\">\n\t\t\t\t\t\t\t\t\t\t\t\t\t\t\t<img decoding=\"async\" src=\"https:\/\/giardinocapracotta.unimol.it\/wp-content\/uploads\/elementor\/thumbs\/Z7F_9677-rme3mln5neoorlg180dedx6xxigy34zibkvge9i74w.jpg\" title=\"Z7F_9677\" alt=\"Z7F_9677\" loading=\"lazy\" \/>\t\t\t\t\t\t\t\t\t\t\t\t\t\t\t<\/div>\n\t\t\t\t<\/div>\n\t\t\t\t\t<\/div>\n\t\t\t\t<\/div>\n\t\t<div class=\"elementor-element elementor-element-ede5ff0 e-flex e-con-boxed wpr-particle-no wpr-jarallax-no wpr-parallax-no wpr-sticky-section-no wpr-equal-height-no e-con e-parent\" data-id=\"ede5ff0\" data-element_type=\"container\" data-e-type=\"container\">\n\t\t\t\t\t<div class=\"e-con-inner\">\n\t\t\t\t<div class=\"elementor-element elementor-element-f40db99 elementor-widget elementor-widget-heading\" data-id=\"f40db99\" data-element_type=\"widget\" data-e-type=\"widget\" data-widget_type=\"heading.default\">\n\t\t\t\t\t<h2 class=\"elementor-heading-title elementor-size-default\">Scientific collaborations<\/h2>\t\t\t\t<\/div>\n\t\t<div class=\"elementor-element elementor-element-52b4087 e-con-full e-flex wpr-particle-no wpr-jarallax-no wpr-parallax-no wpr-sticky-section-no wpr-equal-height-no e-con e-child\" data-id=\"52b4087\" data-element_type=\"container\" data-e-type=\"container\">\n\t\t\t\t<div class=\"elementor-element elementor-element-baa93a9 elementor-widget__width-initial elementor-widget elementor-widget-image\" data-id=\"baa93a9\" data-element_type=\"widget\" data-e-type=\"widget\" data-widget_type=\"image.default\">\n\t\t\t\t\t\t\t\t\t\t\t\t\t\t\t<img decoding=\"async\" src=\"https:\/\/giardinocapracotta.unimol.it\/wp-content\/uploads\/elementor\/thumbs\/Z7F_9325-rme3e0e96wxcnvx8dsp53l8ahqt6qpvth28pi88q00.jpg\" title=\"Z7F_9325\" alt=\"Z7F_9325\" loading=\"lazy\" \/>\t\t\t\t\t\t\t\t\t\t\t\t\t\t\t<\/div>\n\t\t\t\t<div class=\"elementor-element elementor-element-71b0e81 elementor-widget__width-initial elementor-widget elementor-widget-text-editor\" data-id=\"71b0e81\" data-element_type=\"widget\" data-e-type=\"widget\" data-widget_type=\"text-editor.default\">\n\t\t\t\t\t\t\t\t\t<p>The GFA develops projects and activities in synergy with research bodies and local institutions, with the aim of strengthening biodiversity protection and promoting scientific knowledge.<\/p><p class=\"translation-block\"><strong>Regional Agency for Agricultural, Rural and Fisheries Development of the Molise Region (ARSARP Molise)<\/strong> <strong>\u2013<\/strong> collaboration for the protection and enhancement of regional agricultural biodiversity through projects dedicated to the conservation of local varieties and the promotion of regional genetic resources.<\/p><p class=\"translation-block\"><strong>Germplasm Bank (BGM)<\/strong> \u2013 University of Molise \u2013 joint activities for the conservation, study and propagation of plant genetic resources, contributing to the safeguarding of native and threatened species.<\/p><p class=\"translation-block\"><strong>Urban Lab \u2013 NBFC (National Biodiversity Future Center)<\/strong> \u2013 University of Molise \u2013 research, monitoring and innovation initiatives dedicated to biodiversity and environmental sustainability, with the aim of integrating advanced scientific knowledge with conservation practices in the territory.<\/p><p class=\"translation-block\"><strong>Italian Botanical Society (SBI)<\/strong> \u2013 training courses for Master\u2019s graduates and PhD students on topics related to plant biodiversity; workshops on taxonomic identification techniques, the use of dichotomous keys, and herbarium preparation.<\/p><p class=\"translation-block\"><strong>Italian Society of Vegetation Science (SISV)<\/strong> \u2013 practical workshops on vegetation sampling, monitoring and analysis methodologies; seminars on plant species conservation and natural habitat management; field activities (botanical excursions, floristic and vegetation surveys).<\/p><p class=\"translation-block\"><strong>Botanic Gardens Conservation International (BGCI)<\/strong> <strong>\u2013<\/strong> collaboration in international initiatives for the conservation of plant biodiversity and the development of global scientific policies; participation in <em>ex situ<\/em> and <em>in situ<\/em> conservation programmes for threatened species; exchange of best practices among botanical gardens and research centres; capacity building and training activities on conservation strategies and the management of living collections; contribution to international databases and networks on plant conservation; development of educational and outreach projects on plant protection and the importance of plant biodiversity.<\/p>\t\t\t\t\t\t\t\t<\/div>\n\t\t\t\t<\/div>\n\t\t\t\t\t<\/div>\n\t\t\t\t<\/div>\n\t\t<div class=\"elementor-element elementor-element-3d30830 e-flex e-con-boxed wpr-particle-no wpr-jarallax-no wpr-parallax-no wpr-sticky-section-no wpr-equal-height-no e-con e-parent\" data-id=\"3d30830\" data-element_type=\"container\" data-e-type=\"container\">\n\t\t\t\t\t<div class=\"e-con-inner\">\n\t\t\t\t<div class=\"elementor-element elementor-element-fb39996 elementor-widget elementor-widget-heading\" data-id=\"fb39996\" data-element_type=\"widget\" data-e-type=\"widget\" data-widget_type=\"heading.default\">\n\t\t\t\t\t<h2 class=\"elementor-heading-title elementor-size-default\">Education<\/h2>\t\t\t\t<\/div>\n\t\t<div class=\"elementor-element elementor-element-dc2335b e-con-full e-flex wpr-particle-no wpr-jarallax-no wpr-parallax-no wpr-sticky-section-no wpr-equal-height-no e-con e-child\" data-id=\"dc2335b\" data-element_type=\"container\" data-e-type=\"container\">\n\t\t\t\t<div class=\"elementor-element elementor-element-8e75675 elementor-widget__width-initial elementor-widget elementor-widget-image\" data-id=\"8e75675\" data-element_type=\"widget\" data-e-type=\"widget\" data-widget_type=\"image.default\">\n\t\t\t\t\t\t\t\t\t\t\t\t\t\t\t<img decoding=\"async\" src=\"https:\/\/giardinocapracotta.unimol.it\/wp-content\/uploads\/elementor\/thumbs\/Z7F_9028-rme34veqqwezsd73quhpuw8ykvupwnlrjtwrjdsihs.jpg\" title=\"Z7F_9028\" alt=\"Z7F_9028\" loading=\"lazy\" \/>\t\t\t\t\t\t\t\t\t\t\t\t\t\t\t<\/div>\n\t\t\t\t<div class=\"elementor-element elementor-element-efc4f77 elementor-widget__width-initial elementor-widget elementor-widget-text-editor\" data-id=\"efc4f77\" data-element_type=\"widget\" data-e-type=\"widget\" data-widget_type=\"text-editor.default\">\n\t\t\t\t\t\t\t\t\t<p class=\"translation-block\"><strong>2025 SUMMER SCHOOL<\/strong> \u201cCourse on field vegetation survey techniques and monitoring in Natura 2000 network habitats\u201d 14\u201319 July 2025. Garden of Apennine Flora, Capracotta (IS); University of Molise; Italian Botanical Society; Italian Society of Vegetation Science.<\/p><p class=\"translation-block\"><strong>2026 Course<\/strong> \u201cMP Training \u2013 Additive Manufacturing Laboratory for 3D printing of biodegradable plastic products.\u201d 22\u201323 January 2026. Garden of Apennine Flora, Capracotta (IS); University of Molise. NBFC-CN00000033 \u2013 Funded under the PNRR, Mission 4 \u201cEducation and Research\u201d \u2013 Component 2 \u201cFrom research to business\u201d \u2013 Investment line 1.4 \u201cStrengthening research infrastructures and creating national R&amp;D champions in key enabling technologies.\u201d<\/p><p class=\"translation-block\"><strong>2026 SUMMER SCHOOL<\/strong> \u201cSchool of Taxonomy of Vascular Plant Species\u201d 13\u201317 July 2026. Garden of Apennine Flora, Capracotta (IS); University of Molise; Italian Botanical Society.<\/p>\t\t\t\t\t\t\t\t<\/div>\n\t\t\t\t<\/div>\n\t\t\t\t\t<\/div>\n\t\t\t\t<\/div>\n\t\t<div class=\"elementor-element elementor-element-174607f e-con-full e-flex wpr-particle-no wpr-jarallax-no wpr-parallax-no wpr-sticky-section-no wpr-equal-height-no e-con e-parent\" data-id=\"174607f\" data-element_type=\"container\" data-e-type=\"container\" data-settings=\"{&quot;background_background&quot;:&quot;classic&quot;}\">\n\t\t<div class=\"elementor-element elementor-element-0e906e0 e-con-full e-flex wpr-particle-no wpr-jarallax-no wpr-parallax-no wpr-sticky-section-no wpr-equal-height-no e-con e-child\" data-id=\"0e906e0\" data-element_type=\"container\" data-e-type=\"container\">\n\t\t\t\t<div class=\"elementor-element elementor-element-32d6219 wpr-logo-position-center elementor-widget elementor-widget-wpr-logo\" data-id=\"32d6219\" data-element_type=\"widget\" data-e-type=\"widget\" data-widget_type=\"wpr-logo.default\">\n\t\t\t\t\t\t\t\t\n\t\t\t<div class=\"wpr-logo elementor-clearfix\">\n\n\t\t\t\t\t\t\t\t<picture class=\"wpr-logo-image\">\n\t\t\t\t\t\n\t\t\t\t\t\t\t\t\t\t\n\t\t\t\t\t<img decoding=\"async\" src=\"https:\/\/giardinocapracotta-staging.justmodigitallab.it\/wp-content\/uploads\/2026\/02\/Logo-2.png\" alt=\"\">\n\n\t\t\t\t\t\t\t\t\t\t\t<a class=\"wpr-logo-url\" rel=\"home\" aria-label=\"\" href=\"https:\/\/giardinocapracotta-staging.justmodigitallab.it\/homepage\/\"><\/a>\n\t\t\t\t\t\t\t\t\t<\/picture>\n\t\t\t\t\n\t\t\t\t\n\t\t\t\t\t\t\t\t\t<a class=\"wpr-logo-url\" rel=\"home\" aria-label=\"\" href=\"https:\/\/giardinocapracotta-staging.justmodigitallab.it\/homepage\/\"><\/a>\n\t\t\t\t\n\t\t\t<\/div>\n\t\t\t\t\n\t\t\t\t\t\t<\/div>\n\t\t\t\t<\/div>\n\t\t<div class=\"elementor-element elementor-element-58d2299 e-con-full e-flex wpr-particle-no wpr-jarallax-no wpr-parallax-no wpr-sticky-section-no wpr-equal-height-no e-con e-child\" data-id=\"58d2299\" data-element_type=\"container\" data-e-type=\"container\">\n\t\t\t\t<div class=\"elementor-element elementor-element-ed15239 elementor-shape-circle e-grid-align-mobile-center elementor-widget__width-initial elementor-grid-0 e-grid-align-center elementor-widget elementor-widget-social-icons\" data-id=\"ed15239\" data-element_type=\"widget\" data-e-type=\"widget\" data-widget_type=\"social-icons.default\">\n\t\t\t\t\t\t\t<div class=\"elementor-social-icons-wrapper elementor-grid\" role=\"list\">\n\t\t\t\t\t\t\t<span class=\"elementor-grid-item\" role=\"listitem\">\n\t\t\t\t\t<a class=\"elementor-icon elementor-social-icon elementor-social-icon-facebook elementor-repeater-item-53cba4b\" href=\"https:\/\/www.facebook.com\/GiardinoFloraAppenninica\" target=\"_blank\">\n\t\t\t\t\t\t<span class=\"elementor-screen-only\">Facebook<\/span>\n\t\t\t\t\t\t<svg aria-hidden=\"true\" class=\"e-font-icon-svg e-fab-facebook\" viewbox=\"0 0 512 512\" xmlns=\"http:\/\/www.w3.org\/2000\/svg\"><path d=\"M504 256C504 119 393 8 256 8S8 119 8 256c0 123.78 90.69 226.38 209.25 245V327.69h-63V256h63v-54.64c0-62.15 37-96.48 93.67-96.48 27.14 0 55.52 4.84 55.52 4.84v61h-31.28c-30.8 0-40.41 19.12-40.41 38.73V256h68.78l-11 71.69h-57.78V501C413.31 482.38 504 379.78 504 256z\"><\/path><\/svg>\t\t\t\t\t<\/a>\n\t\t\t\t<\/span>\n\t\t\t\t\t\t\t<span class=\"elementor-grid-item\" role=\"listitem\">\n\t\t\t\t\t<a class=\"elementor-icon elementor-social-icon elementor-social-icon-instagram elementor-repeater-item-8ae553f\" href=\"https:\/\/www.instagram.com\/giardinocapracotta\/\" target=\"_blank\">\n\t\t\t\t\t\t<span class=\"elementor-screen-only\">Instagram<\/span>\n\t\t\t\t\t\t<svg aria-hidden=\"true\" class=\"e-font-icon-svg e-fab-instagram\" viewbox=\"0 0 448 512\" xmlns=\"http:\/\/www.w3.org\/2000\/svg\"><path d=\"M224.1 141c-63.6 0-114.9 51.3-114.9 114.9s51.3 114.9 114.9 114.9S339 319.5 339 255.9 287.7 141 224.1 141zm0 189.6c-41.1 0-74.7-33.5-74.7-74.7s33.5-74.7 74.7-74.7 74.7 33.5 74.7 74.7-33.6 74.7-74.7 74.7zm146.4-194.3c0 14.9-12 26.8-26.8 26.8-14.9 0-26.8-12-26.8-26.8s12-26.8 26.8-26.8 26.8 12 26.8 26.8zm76.1 27.2c-1.7-35.9-9.9-67.7-36.2-93.9-26.2-26.2-58-34.4-93.9-36.2-37-2.1-147.9-2.1-184.9 0-35.8 1.7-67.6 9.9-93.9 36.1s-34.4 58-36.2 93.9c-2.1 37-2.1 147.9 0 184.9 1.7 35.9 9.9 67.7 36.2 93.9s58 34.4 93.9 36.2c37 2.1 147.9 2.1 184.9 0 35.9-1.7 67.7-9.9 93.9-36.2 26.2-26.2 34.4-58 36.2-93.9 2.1-37 2.1-147.8 0-184.8zM398.8 388c-7.8 19.6-22.9 34.7-42.6 42.6-29.5 11.7-99.5 9-132.1 9s-102.7 2.6-132.1-9c-19.6-7.8-34.7-22.9-42.6-42.6-11.7-29.5-9-99.5-9-132.1s-2.6-102.7 9-132.1c7.8-19.6 22.9-34.7 42.6-42.6 29.5-11.7 99.5-9 132.1-9s102.7-2.6 132.1 9c19.6 7.8 34.7 22.9 42.6 42.6 11.7 29.5 9 99.5 9 132.1s2.7 102.7-9 132.1z\"><\/path><\/svg>\t\t\t\t\t<\/a>\n\t\t\t\t<\/span>\n\t\t\t\t\t\t\t<span class=\"elementor-grid-item\" role=\"listitem\">\n\t\t\t\t\t<a class=\"elementor-icon elementor-social-icon elementor-social-icon-youtube elementor-repeater-item-ad8b225\" href=\"https:\/\/www.youtube.com\/@GiardinodellaFloraAppenninica\" target=\"_blank\">\n\t\t\t\t\t\t<span class=\"elementor-screen-only\">YouTube<\/span>\n\t\t\t\t\t\t<svg aria-hidden=\"true\" class=\"e-font-icon-svg e-fab-youtube\" viewbox=\"0 0 576 512\" xmlns=\"http:\/\/www.w3.org\/2000\/svg\"><path d=\"M549.655 124.083c-6.281-23.65-24.787-42.276-48.284-48.597C458.781 64 288 64 288 64S117.22 64 74.629 75.486c-23.497 6.322-42.003 24.947-48.284 48.597-11.412 42.867-11.412 132.305-11.412 132.305s0 89.438 11.412 132.305c6.281 23.65 24.787 41.5 48.284 47.821C117.22 448 288 448 288 448s170.78 0 213.371-11.486c23.497-6.321 42.003-24.171 48.284-47.821 11.412-42.867 11.412-132.305 11.412-132.305s0-89.438-11.412-132.305zm-317.51 213.508V175.185l142.739 81.205-142.739 81.201z\"><\/path><\/svg>\t\t\t\t\t<\/a>\n\t\t\t\t<\/span>\n\t\t\t\t\t\t\t<span class=\"elementor-grid-item\" role=\"listitem\">\n\t\t\t\t\t<a class=\"elementor-icon elementor-social-icon elementor-social-icon-whatsapp elementor-repeater-item-7bc0456\" href=\"https:\/\/wa.me\/393936819630?text=Salve%20vorrei%20avere%20informazioni\" target=\"_blank\">\n\t\t\t\t\t\t<span class=\"elementor-screen-only\">WhatsApp<\/span>\n\t\t\t\t\t\t<svg aria-hidden=\"true\" class=\"e-font-icon-svg e-fab-whatsapp\" viewbox=\"0 0 448 512\" xmlns=\"http:\/\/www.w3.org\/2000\/svg\"><path d=\"M380.9 97.1C339 55.1 283.2 32 223.9 32c-122.4 0-222 99.6-222 222 0 39.1 10.2 77.3 29.6 111L0 480l117.7-30.9c32.4 17.7 68.9 27 106.1 27h.1c122.3 0 224.1-99.6 224.1-222 0-59.3-25.2-115-67.1-157zm-157 341.6c-33.2 0-65.7-8.9-94-25.7l-6.7-4-69.8 18.3L72 359.2l-4.4-7c-18.5-29.4-28.2-63.3-28.2-98.2 0-101.7 82.8-184.5 184.6-184.5 49.3 0 95.6 19.2 130.4 54.1 34.8 34.9 56.2 81.2 56.1 130.5 0 101.8-84.9 184.6-186.6 184.6zm101.2-138.2c-5.5-2.8-32.8-16.2-37.9-18-5.1-1.9-8.8-2.8-12.5 2.8-3.7 5.6-14.3 18-17.6 21.8-3.2 3.7-6.5 4.2-12 1.4-32.6-16.3-54-29.1-75.5-66-5.7-9.8 5.7-9.1 16.3-30.3 1.8-3.7.9-6.9-.5-9.7-1.4-2.8-12.5-30.1-17.1-41.2-4.5-10.8-9.1-9.3-12.5-9.5-3.2-.2-6.9-.2-10.6-.2-3.7 0-9.7 1.4-14.8 6.9-5.1 5.6-19.4 19-19.4 46.3 0 27.3 19.9 53.7 22.6 57.4 2.8 3.7 39.1 59.7 94.8 83.8 35.2 15.2 49 16.5 66.6 13.9 10.7-1.6 32.8-13.4 37.4-26.4 4.6-13 4.6-24.1 3.2-26.4-1.3-2.5-5-3.9-10.5-6.6z\"><\/path><\/svg>\t\t\t\t\t<\/a>\n\t\t\t\t<\/span>\n\t\t\t\t\t<\/div>\n\t\t\t\t\t\t<\/div>\n\t\t\t\t<\/div>\n\t\t<div class=\"elementor-element elementor-element-a183943 e-con-full e-flex wpr-particle-no wpr-jarallax-no wpr-parallax-no wpr-sticky-section-no wpr-equal-height-no e-con e-child\" data-id=\"a183943\" data-element_type=\"container\" data-e-type=\"container\">\n\t\t\t\t<div class=\"elementor-element elementor-element-2bc8e30 elementor-widget elementor-widget-image\" data-id=\"2bc8e30\" data-element_type=\"widget\" data-e-type=\"widget\" data-widget_type=\"image.default\">\n\t\t\t\t\t\t\t\t\t\t\t\t\t\t\t<img fetchpriority=\"high\" decoding=\"async\" width=\"1920\" height=\"320\" src=\"https:\/\/giardinocapracotta.unimol.it\/wp-content\/uploads\/2026\/02\/Foto-Placeholder-Loghi.png\" class=\"attachment-full size-full wp-image-1675\" alt=\"\" srcset=\"https:\/\/giardinocapracotta.unimol.it\/wp-content\/uploads\/2026\/02\/Foto-Placeholder-Loghi.png 1920w, https:\/\/giardinocapracotta.unimol.it\/wp-content\/uploads\/2026\/02\/Foto-Placeholder-Loghi-300x50.png 300w, https:\/\/giardinocapracotta.unimol.it\/wp-content\/uploads\/2026\/02\/Foto-Placeholder-Loghi-1024x171.png 1024w, https:\/\/giardinocapracotta.unimol.it\/wp-content\/uploads\/2026\/02\/Foto-Placeholder-Loghi-768x128.png 768w, https:\/\/giardinocapracotta.unimol.it\/wp-content\/uploads\/2026\/02\/Foto-Placeholder-Loghi-1536x256.png 1536w\" sizes=\"(max-width: 1920px) 100vw, 1920px\" \/>\t\t\t\t\t\t\t\t\t\t\t\t\t\t\t<\/div>\n\t\t\t\t<\/div>\n\t\t<div class=\"elementor-element elementor-element-2bab633 e-con-full e-flex wpr-particle-no wpr-jarallax-no wpr-parallax-no wpr-sticky-section-no wpr-equal-height-no e-con e-child\" data-id=\"2bab633\" data-element_type=\"container\" data-e-type=\"container\">\n\t\t\t\t<div class=\"elementor-element elementor-element-05f1261 elementor-icon-list--layout-inline elementor-align-end elementor-mobile-align-center elementor-tablet-align-center elementor-list-item-link-full_width elementor-widget elementor-widget-icon-list\" data-id=\"05f1261\" data-element_type=\"widget\" data-e-type=\"widget\" data-widget_type=\"icon-list.default\">\n\t\t\t\t\t\t\t<ul class=\"elementor-icon-list-items elementor-inline-items\">\n\t\t\t\t\t\t\t<li class=\"elementor-icon-list-item elementor-inline-item\">\n\t\t\t\t\t\t\t\t\t\t\t<a href=\"https:\/\/giardinocapracotta-staging.justmodigitallab.it\/amministrazione-trasparente\/\">\n\n\t\t\t\t\t\t\t\t\t\t\t<span class=\"elementor-icon-list-text\">Transparent Administration<\/span>\n\t\t\t\t\t\t\t\t\t\t\t<\/a>\n\t\t\t\t\t\t\t\t\t<\/li>\n\t\t\t\t\t\t\t\t<li class=\"elementor-icon-list-item elementor-inline-item\">\n\t\t\t\t\t\t\t\t\t\t\t<a href=\"https:\/\/giardinocapracotta-staging.justmodigitallab.it\/albo-pretorio\/\">\n\n\t\t\t\t\t\t\t\t\t\t\t<span class=\"elementor-icon-list-text\">Official Notice Board<\/span>\n\t\t\t\t\t\t\t\t\t\t\t<\/a>\n\t\t\t\t\t\t\t\t\t<\/li>\n\t\t\t\t\t\t\t\t<li class=\"elementor-icon-list-item elementor-inline-item\">\n\t\t\t\t\t\t\t\t\t\t\t<a href=\"https:\/\/giardinocapracotta-staging.justmodigitallab.it\/sostienici\/\">\n\n\t\t\t\t\t\t\t\t\t\t\t<span class=\"elementor-icon-list-text\">Support us<\/span>\n\t\t\t\t\t\t\t\t\t\t\t<\/a>\n\t\t\t\t\t\t\t\t\t<\/li>\n\t\t\t\t\t\t<\/ul>\n\t\t\t\t\t\t<\/div>\n\t\t\t\t<\/div>\n\t\t<div class=\"elementor-element elementor-element-949acc6 e-con-full e-flex wpr-particle-no wpr-jarallax-no wpr-parallax-no wpr-sticky-section-no wpr-equal-height-no e-con e-child\" data-id=\"949acc6\" data-element_type=\"container\" data-e-type=\"container\">\n\t\t\t\t<div class=\"elementor-element elementor-element-2ba6182 elementor-align-center elementor-widget elementor-widget-button\" data-id=\"2ba6182\" data-element_type=\"widget\" data-e-type=\"widget\" data-widget_type=\"button.default\">\n\t\t\t\t\t\t\t\t\t\t<a class=\"elementor-button elementor-button-link elementor-size-sm\" href=\"https:\/\/giardinocapracotta-staging.justmodigitallab.it\/contatti\/\">\n\t\t\t\t\t\t<span class=\"elementor-button-content-wrapper\">\n\t\t\t\t\t\t\t\t\t<span class=\"elementor-button-text\">Contact<\/span>\n\t\t\t\t\t<\/span>\n\t\t\t\t\t<\/a>\n\t\t\t\t\t\t\t\t<\/div>\n\t\t\t\t<\/div>\n\t\t\t\t<\/div>\n\t\t\t\t<\/div>","protected":false},"excerpt":{"rendered":"<p>Chi Siamo Collezioni museali Formazione e Ricerca Eventi Galleria Notizie Chi Siamo Collezioni museali Formazione e Ricerca Eventi Galleria Notizie Formazione e ricerca Il Giardino della Flora Appenninica \u00e8 uno spazio dedicato allo studio, alla formazione e alla condivisione della conoscenza, dove ricerca scientifica, educazione ambientale e partecipazione attiva si incontrano. Progetti di ricerca 2015 Prime azioni di valorizzazione e tutela della flora spontanea in aree montane molisaneConvenzione con DiBT \u2013 Universit\u00e0 degli Studi del Molise. Realizzazione dei biomonitoraggi nei siti della rete LTER (Long Term Ecological Research) in Abruzzo e Molise e divulgazione dei risultati acquisitiConvenzione con il Centro Studi \u201cD.E.M.E.T.R.A.\u201d. 2016 Protocollo di ricerca sulla caratterizzazione della risposta di plantule di olivo a condizioni di stress idrico e salinoConvenzione con Biotechnology Center Borj Cedria (Tunisia). 2017 \u2013 2019 Progetto INTERREG Europe \u201cIMPACT\u201dRinnovare le politiche di gestione per promuovere le attivit\u00e0 produttive all&#8217;interno e intorno alle aree protette senza compromettere la conservazione della biodiversit\u00e0. 2018 \u2013 2020 Promozione e Salvaguardia dell\u2019Agrobiodiversit\u00e0 della Regione MoliseAttivit\u00e0 di promozione della conoscenza della biodiversit\u00e0 a sostegno della Legge 1\u00b0 dicembre 2015, n. 194. (\u201cDisposizioni per la valorizzazione della biodiversit\u00e0 di interesse agricolo e alimentare\u201d). 2019 Progetto \u201cTurismo \u00e8 Cultura\u201dFinanziato dalla Regione Molise. 2020 Progetto SNAI (Strategia Nazionale Aree Interne)Area \u201cAlto Medio Sannio\u201d. Consulenza per la manutenzione del Giardino della Flora Appenninica di Capracotta (loc. La Guardata)Interventi selvicolturali di diradamento, ripulitura selettiva delle specie arboree e arbustive e sistemazione dei sentieri.ARSARP Molise \u2013 Finanziato nell\u2019ambito della Legge 1\u00b0 dicembre 2015, n. 194. 2021 Progetto \u201cBiomol\u201dARSARP Molise \u2013 Finanziato nell\u2019ambito della Legge 1\u00b0 dicembre 2015, n. 194. Documentazione scientifica floristico-vegetazionale di 19 Zone Speciali di Conservazione (ZSC) della Regione CampaniaConvenzione con l\u2019Universit\u00e0 degli Studi della Campania \u201cLuigi Vanvitelli\u201d \u2013 Dipartimento di Scienze e Tecnologie Ambientali, Biologiche e Farmaceutiche.Finanziato dalla Regione Campania. Affidamento della cura del Verde PubblicoComune di Capracotta. Progetto \u201cIl Giardino Accessibile\u201dFinanziato nell\u2019ambito della Misura 7 \u2013 \u201cServizi di base e rinnovamento dei villaggi nelle zone rurali\u201dSottomisura 7.5 \u2013 Sostegno a investimenti per infrastrutture ricreative e turistiche su piccola scala. 2022 Progetto \u201cBiomol\u201dARSARP Molise \u2013 Finanziato nell\u2019ambito della Legge 1\u00b0 dicembre 2015, n. 194. Affidamento della cura del Verde PubblicoComune di Capracotta. 2023 Progetto \u201cNatura Senza Barriere \u2013 tra accessibilit\u00e0 e fruibilit\u00e0\u201dFinanziato dalla Fondazione Banco di Napoli. Incarico\u201d Monitoraggio degli habitat secondo la direttiva \u00a092\/43 \/CEE\u201d R.D.M. progetti S.r.l. Affidamento della cura del Verde PubblicoComune di Capracotta. 2023 \u2013 2025 Consulenza botanica al progetto \u201cRURAL PACT\u201dAzioni congiunte per impegni agro-climatico-ambientali, conservazione della biodiversit\u00e0 agraria e naturalistica, tutela del paesaggio e miglioramento qualitativo dell\u2019agro-ecosistema.Finanziato dal Programma di Sviluppo Rurale (PSR) Regione Molise 2014\u20132020. 2024 Progetto \u201cBiosensu\u201dARSARP Molise \u2013 Finanziato nell\u2019ambito della Legge 1\u00b0 dicembre 2015, n. 194. \u00a0 Affidamento della cura del Verde PubblicoComune di Capracotta. 2025 Affidamento della cura del Verde PubblicoComune di Capracotta. Progetto di Citizen Science per la valorizzazione della biodiversit\u00e0 e il rafforzamento della coesione sociale nelle aree montane e interne, attivazione di un laboratorio di Additive Manufacturing.Finanziato dal National Biodiversity Future Center (PNRR \u2013 Spoke 5), NextGenerationEU. 2026 Consulenza per Progetto NIRPA \u201cClean Up Mountain\u201dMinistero delle Imprese e del Made in Italy. Cofinanziato dall\u2019Unione Europea. Consulenza per la realizzazione di interventi di riqualificazione, manutenzione e valorizzazione di aree verdi e spazi naturali in Italia centro-meridionale. Accordo quadro, Provveditorato interregionale per le opere pubbliche per la Campania, il Molise, la Puglia e la Basilicata. Collaborazioni scientifiche Il GFA sviluppa progetti e attivit\u00e0 in sinergia con enti di ricerca e istituzioni del territorio, con l\u2019obiettivo di rafforzare la tutela della biodiversit\u00e0 e promuovere la conoscenza scientifica. Agenzia Regionale per lo Sviluppo Agricolo, Rurale e della Pesca della Regione Molise (ARSARP Molise) &#8211; collaborazione per la tutela e valorizzazione della biodiversit\u00e0 agraria regionale, attraverso progetti dedicati alla conservazione di variet\u00e0 locali e alla promozione delle risorse genetiche regionali. Banca del Germoplasma (BGM) &#8211; Universit\u00e0 degli Studi del Molise &#8211; attivit\u00e0 congiunte per la conservazione, lo studio e la riproduzione del patrimonio genetico vegetale, contribuendo alla salvaguardia di specie autoctone e a rischio. Laboratorio Urban &#8211; NBFC (National Biodiversity Future Center) &#8211; Universit\u00e0 degli Studi del Molise &#8211; iniziative di ricerca, monitoraggio e innovazione dedicate alla biodiversit\u00e0 e alla sostenibilit\u00e0 ambientale, con l\u2019obiettivo di integrare conoscenze scientifiche avanzate e pratiche di conservazione sul territorio. Societ\u00e0 Botanica Italiana (SBI) &#8211; corsi di formazione per laureati magistrali e dottorandi su tematiche legate alla biodiversit\u00e0 vegetale; laboratori su tecniche di identificazione tassonomica e uso di chiavi dicotomiche e preparazione di erbari. Societ\u00e0 Italina Scienza della Vegetazione (SISV) &#8211; workshop pratici su metodologie di campionamento, monitoraggio e analisi della vegetazione; seminari su conservazione delle specie vegetali e gestione degli habitat naturali; attivit\u00e0 di campo (escursioni botaniche, rilievi floristici e vegetazionali). Botanic Gardens Conservation International (BGCI) &#8211; collaborazione in iniziative internazionali per la conservazione della biodiversit\u00e0 vegetale e lo sviluppo di politiche scientifiche globali; partecipazione a programmi di tutela ex situ e in situ delle specie a rischio; scambio di buone pratiche tra orti botanici e centri di ricerca; attivit\u00e0 di capacity building e formazione su strategie di conservazione e gestione delle collezioni viventi; contributo a database e reti internazionali sulla conservazione delle piante; sviluppo di progetti educativi e di divulgazione scientifica sulla tutela della flora e sull\u2019importanza della biodiversit\u00e0 vegetale. Formazione 2025 SUMMER SCHOOL \u201cCorso sulle tecniche di rilevamento vegetazionale in campo e monitoraggio in habitat della rete Natura 2000\u201d 14 -19 luglio 2025. Giardino della Flora Appenninica di Capracotta (IS), Universit\u00e0 degli studi del Molise, Societ\u00e0 Botanica Italiana, Societ\u00e0 Italiana Scienza della Vegetazione. 2026 Corso \u201cMP Training \u2013 Laboratorio di Additive Manufacturing per la stampa 3D di manufatti in plastica biodegradabile. 22-23 Gennaio 2026. Giardino della Flora Appenninica di Capracotta (IS), Universit\u00e0 degli studi del Molise. NBFC-CN00000033 &#8211; Risorse del PNRR Missione 4, \u201cIstruzione e Ricerca\u201d &#8211; Componente 2, \u201ddalla ricerca all\u2019impresa\u201d- linea di investimento 1.4, \u201cpotenziamento strutture di ricerca e creazione di \u201ccampioni nazionali di R&amp;amp;S\u201d su alcune key enabling technologies. 2026 SUMMER SCHOOL \u201cScuola di Tassonomia delle specie vascolari \u201d 13 -17 luglio 2026. Giardino della Flora Appenninica di Capracotta (IS), Universit\u00e0 degli studi<\/p>","protected":false},"author":1,"featured_media":0,"parent":0,"menu_order":0,"comment_status":"closed","ping_status":"closed","template":"elementor_canvas","meta":{"_acf_changed":false,"footnotes":""},"class_list":["post-297","page","type-page","status-publish","hentry"],"acf":[],"_links":{"self":[{"href":"https:\/\/giardinocapracotta.unimol.it\/en\/wp-json\/wp\/v2\/pages\/297","targetHints":{"allow":["GET"]}}],"collection":[{"href":"https:\/\/giardinocapracotta.unimol.it\/en\/wp-json\/wp\/v2\/pages"}],"about":[{"href":"https:\/\/giardinocapracotta.unimol.it\/en\/wp-json\/wp\/v2\/types\/page"}],"author":[{"embeddable":true,"href":"https:\/\/giardinocapracotta.unimol.it\/en\/wp-json\/wp\/v2\/users\/1"}],"replies":[{"embeddable":true,"href":"https:\/\/giardinocapracotta.unimol.it\/en\/wp-json\/wp\/v2\/comments?post=297"}],"version-history":[{"count":78,"href":"https:\/\/giardinocapracotta.unimol.it\/en\/wp-json\/wp\/v2\/pages\/297\/revisions"}],"predecessor-version":[{"id":3661,"href":"https:\/\/giardinocapracotta.unimol.it\/en\/wp-json\/wp\/v2\/pages\/297\/revisions\/3661"}],"wp:attachment":[{"href":"https:\/\/giardinocapracotta.unimol.it\/en\/wp-json\/wp\/v2\/media?parent=297"}],"curies":[{"name":"wp","href":"https:\/\/api.w.org\/{rel}","templated":true}]}}